{"id":30412,"date":"2026-03-12T10:17:09","date_gmt":"2026-03-12T08:17:09","guid":{"rendered":"https:\/\/tallersautoada.com\/?post_type=product&#038;p=30412"},"modified":"2026-03-12T10:17:09","modified_gmt":"2026-03-12T08:17:09","slug":"fiat-panda","status":"publish","type":"product","link":"https:\/\/tallersautoada.com\/es\/producte\/fiat-panda\/","title":{"rendered":"FIAT PANDA"},"content":{"rendered":"<div id=\"divEquipamiento1\" class=\"equipamiento content\">\n<div class=\"equipamiento\"><\/div>\n<div class=\"equipamiento\">\n<div>\n<div class=\"UCIVehicleDetailsSection\">\n<div class=\"UCIVehicleDetailsSection__inner\">\n<div class=\"UCIEquipments__list\">\n<div class=\"Slice Slice_vertical\">\n<div class=\"UCIEquipments__listItem\"><span id=\"vehiculoEquipamiento1\" class=\"collapsible active\">Equipamiento Serie<\/span><\/p>\n<div id=\"divEquipamiento1\" class=\"equipamiento content\">\n<div class=\"equipamiento\">&#8211; Mantenimiento del modelo<\/div>\n<div class=\"equipamiento\">&#8211; Carrocer\u00eda: 5 puertas<\/div>\n<div class=\"equipamiento\">&#8211; Retrovisor exterior Mec. De inter. regulable, ambos<\/div>\n<div class=\"equipamiento\">&#8211; Retrovisor exterior Negro pintado<\/div>\n<div class=\"equipamiento\">&#8211; Luz de d\u00eda<\/div>\n<div class=\"equipamiento\">&#8211; Receptor de radio digital (DAB+)<\/div>\n<div class=\"equipamiento\">&#8211; sistema de informaci\u00f3n UConnect Radio con Reproductor MP3<\/div>\n<div class=\"equipamiento\">&#8211; Sistema control presi\u00f3n neum\u00e1ticos<\/div>\n<div class=\"equipamiento\">&#8211; Airbag lado del conductor<\/div>\n<div class=\"equipamiento\">&#8211; Airbag acompa\u00f1ante<\/div>\n<div class=\"equipamiento\">&#8211; Airbag conductor\/acompa\u00f1ante<\/div>\n<div class=\"equipamiento\">&#8211; Sistema de airbag para la cabeza delante y detr\u00e1s<\/div>\n<div class=\"equipamiento\">&#8211; Airbag del acompa\u00f1ante Desconectable<\/div>\n<div class=\"equipamiento\">&#8211; Aire acondicionado<\/div>\n<div class=\"equipamiento\">&#8211; Reposacabezas activos delante<\/div>\n<div class=\"equipamiento\">&#8211; Reposacabezas detr\u00e1s<\/div>\n<div class=\"equipamiento\">&#8211; Elevalunas el\u00e9ctric. delante<\/div>\n<div class=\"equipamiento\">&#8211; Cierre centralizado con Mando a distancia<\/div>\n<div class=\"equipamiento\">&#8211; Mando a distancia para Cierre centralizado<\/div>\n<div class=\"equipamiento\">&#8211; Cinturones de seguridad regulable en altura<\/div>\n<div class=\"equipamiento\">&#8211; Luz del maletero<\/div>\n<div class=\"equipamiento\">&#8211; Inmovilizador (electr\u00f3nico)<\/div>\n<div class=\"equipamiento\">&#8211; Enchufe (enchufe 12V) delante<\/div>\n<div class=\"equipamiento\">&#8211; Anclajes Isofix para Asiento para ni\u00f1os en Asiento trasero<\/div>\n<div class=\"equipamiento\">&#8211; Sistema antibloqueo (ABS)<\/div>\n<div class=\"equipamiento\">&#8211; Distribuidor el\u00e9ctr\u00f3nico de frenada<\/div>\n<div class=\"equipamiento\">&#8211; Llantas de acero 6&#215;15 (Dise\u00f1o \/ Rueda con estructura)<\/div>\n<div class=\"equipamiento\">&#8211; Columna de direcci\u00f3n (Volante) regulable en altura<\/div>\n<div class=\"equipamiento\">&#8211; Direcci\u00f3n asistida el\u00e9ctric.<\/div>\n<div class=\"equipamiento\">&#8211; Programa electr\u00f3nico de estabilidad (ESP \/ ESC)<\/div>\n<div class=\"equipamiento\">&#8211; Asistente a la conducci\u00f3n: Asistente de subidas<\/div>\n<div class=\"equipamiento\">&#8211; Caja de cambios 6-marcha<\/div>\n<div class=\"equipamiento\">&#8211; Reducci\u00f3n poluci\u00f3n seg\u00fan norma gases escape Euro 6d<\/div>\n<div class=\"equipamiento\">&#8211; Sistema Start\/Stop<\/div>\n<div class=\"equipamiento\">&#8211; Motor 1,0 Ltr. &#8211; 51 kW (h\u00edbrido-suave<\/div>\n<\/div>\n<\/div>\n<\/div>\n<\/div>\n<\/div>\n<\/div>\n<\/div>\n<\/div>\n<div class=\"equipamiento\">\n<div class=\"Slice UCIDifferentiatingEquipments\">\n<div class=\"UCIVehicleDetailsSection\">\n<p class=\"UCIVehicleDetailsSection__title\">\n<\/div>\n<\/div>\n<\/div>\n<\/div>\n","protected":false},"excerpt":{"rendered":"<p><strong>FIAT PANDA City Life 2023<\/strong><\/p>\n<p><strong>Estado:<\/strong> ocasion<\/p>\n<p><strong>Matriculacion:<\/strong>\u00a0 mayo 2023<\/p>\n<p><strong>Color:<\/strong> blanco<\/p>\n<p><strong>Combustible:<\/strong> gasolina- micro hibrido<\/p>\n<p><strong>Transmision:<\/strong> manual<\/p>\n<p style=\"text-align: left;\"><strong>Potencia:<\/strong>\u00a0 51kw\/69cv<\/p>\n<p style=\"text-align: left;\"><strong>Cilindrada:<\/strong>\u00a0 \u00a0999cc<\/p>\n<p style=\"text-align: left;\"><strong>Tarjeta emisiones:<\/strong>\u00a0 ECO(verde\/azul)<\/p>\n<p style=\"text-align: left;\"><strong>Kilometros:<\/strong>\u00a0 25.677<\/p>\n<p style=\"text-align: left;\"><strong>Garantia:<\/strong>\u00a0 12 meses garantia<\/p>\n<p><strong>PRECIO CONTADO:\u00a0<\/strong>\u00a0 12.750\u20ac<\/p>\n<p style=\"text-align: left;\"><strong>PRECIO FINANCIADO:<\/strong>\u00a0 \u00a011.750\u20ac (sujeto a campa\u00f1a de financiacion,consulta condiciones)<\/p>\n<p><strong><em>AUTOADA OCASIO<\/em><\/strong>.<br \/>\nVenta vehiculos multimarca seminuevos y ocasion.<\/p>\n<p>Gastos gestoria no incluidos en el precio.12 meses garantia contractual.Financiamos el 100% consulta condiciones.Gestion de financiacion.Valoramos y aceptamos su vehiculo actual como entrada.Este anuncio y el precio sera valido salvo error tipografico.Este anuncio no es vinculante se muestra a titulo informativo no contractual.<\/p>\n<p style=\"text-align: left;\">\n","protected":false},"featured_media":30414,"template":"","meta":{"inline_featured_image":false},"product_cat":[77],"product_tag":[],"class_list":{"0":"post-30412","1":"product","2":"type-product","3":"status-publish","4":"has-post-thumbnail","6":"product_brand-fiat","7":"product_cat-berlina","9":"first","10":"instock","11":"featured","12":"shipping-taxable","13":"purchasable","14":"product-type-simple"},"yoast_head":"<!-- This site is optimized with the Yoast SEO plugin v27.3 - https:\/\/yoast.com\/product\/yoast-seo-wordpress\/ -->\n<title>FIAT PANDA - Tallers Autoada<\/title>\n<meta name=\"robots\" content=\"noindex, follow\" \/>\n<meta property=\"og:locale\" content=\"es_ES\" \/>\n<meta property=\"og:type\" content=\"article\" \/>\n<meta property=\"og:title\" content=\"FIAT PANDA - Tallers Autoada\" \/>\n<meta property=\"og:description\" content=\"FIAT PANDA City Life 2023  Estado: ocasion  Matriculacion:\u00a0 mayo 2023  Color: blanco  Combustible: gasolina- micro hibrido  Transmision: manual Potencia:\u00a0 51kw\/69cv Cilindrada:\u00a0 \u00a0999cc Tarjeta emisiones:\u00a0 ECO(verde\/azul) Kilometros:\u00a0 25.677 Garantia:\u00a0 12 meses garantia PRECIO CONTADO:\u00a0\u00a0 12.750\u20ac PRECIO FINANCIADO:\u00a0 \u00a011.750\u20ac (sujeto a campa\u00f1a de financiacion,consulta condiciones) AUTOADA OCASIO. Venta vehiculos multimarca seminuevos y ocasion.  Gastos gestoria no incluidos en el precio.12 meses garantia contractual.Financiamos el 100% consulta condiciones.Gestion de financiacion.Valoramos y aceptamos su vehiculo actual como entrada.Este anuncio y el precio sera valido salvo error tipografico.Este anuncio no es vinculante se muestra a titulo informativo no contractual.\" \/>\n<meta property=\"og:url\" content=\"https:\/\/tallersautoada.com\/producte\/fiat-panda\/\" \/>\n<meta property=\"og:site_name\" content=\"Tallers Autoada\" \/>\n<meta property=\"og:image\" content=\"https:\/\/tallersautoada.com\/wp-content\/uploads\/2026\/03\/Diapositiva1-10.jpg\" \/>\n\t<meta property=\"og:image:width\" content=\"960\" \/>\n\t<meta property=\"og:image:height\" content=\"720\" \/>\n\t<meta property=\"og:image:type\" content=\"image\/jpeg\" \/>\n<meta name=\"twitter:card\" content=\"summary_large_image\" \/>\n<meta name=\"twitter:label1\" content=\"Est. reading time\" \/>\n\t<meta name=\"twitter:data1\" content=\"2 minutes\" \/>\n<script type=\"application\/ld+json\" class=\"yoast-schema-graph\">{\"@context\":\"https:\\\/\\\/schema.org\",\"@graph\":[{\"@type\":\"WebPage\",\"@id\":\"https:\\\/\\\/tallersautoada.com\\\/producte\\\/fiat-panda\\\/\",\"url\":\"https:\\\/\\\/tallersautoada.com\\\/producte\\\/fiat-panda\\\/\",\"name\":\"FIAT PANDA - Tallers Autoada\",\"isPartOf\":{\"@id\":\"https:\\\/\\\/tallersautoada.com\\\/#website\"},\"primaryImageOfPage\":{\"@id\":\"https:\\\/\\\/tallersautoada.com\\\/producte\\\/fiat-panda\\\/#primaryimage\"},\"image\":{\"@id\":\"https:\\\/\\\/tallersautoada.com\\\/producte\\\/fiat-panda\\\/#primaryimage\"},\"thumbnailUrl\":\"https:\\\/\\\/tallersautoada.com\\\/wp-content\\\/uploads\\\/2026\\\/03\\\/Diapositiva1-10.jpg\",\"datePublished\":\"2026-03-12T08:17:09+00:00\",\"breadcrumb\":{\"@id\":\"https:\\\/\\\/tallersautoada.com\\\/producte\\\/fiat-panda\\\/#breadcrumb\"},\"inLanguage\":\"es-ES\",\"potentialAction\":[{\"@type\":\"ReadAction\",\"target\":[\"https:\\\/\\\/tallersautoada.com\\\/producte\\\/fiat-panda\\\/\"]}]},{\"@type\":\"ImageObject\",\"inLanguage\":\"es-ES\",\"@id\":\"https:\\\/\\\/tallersautoada.com\\\/producte\\\/fiat-panda\\\/#primaryimage\",\"url\":\"https:\\\/\\\/tallersautoada.com\\\/wp-content\\\/uploads\\\/2026\\\/03\\\/Diapositiva1-10.jpg\",\"contentUrl\":\"https:\\\/\\\/tallersautoada.com\\\/wp-content\\\/uploads\\\/2026\\\/03\\\/Diapositiva1-10.jpg\",\"width\":960,\"height\":720},{\"@type\":\"BreadcrumbList\",\"@id\":\"https:\\\/\\\/tallersautoada.com\\\/producte\\\/fiat-panda\\\/#breadcrumb\",\"itemListElement\":[{\"@type\":\"ListItem\",\"position\":1,\"name\":\"Inici\",\"item\":\"https:\\\/\\\/tallersautoada.com\\\/es\\\/inicio\\\/\"},{\"@type\":\"ListItem\",\"position\":2,\"name\":\"Veh\u00edculos en Venta\",\"item\":\"https:\\\/\\\/tallersautoada.com\\\/es\\\/vehiculos-en-venta-2\\\/\"},{\"@type\":\"ListItem\",\"position\":3,\"name\":\"FIAT PANDA\"}]},{\"@type\":\"WebSite\",\"@id\":\"https:\\\/\\\/tallersautoada.com\\\/#website\",\"url\":\"https:\\\/\\\/tallersautoada.com\\\/\",\"name\":\"Tallers Autoada\",\"description\":\"Taller mec\u00e0nic, electricitat, planxa i pintura i centre de rentat\",\"publisher\":{\"@id\":\"https:\\\/\\\/tallersautoada.com\\\/#organization\"},\"potentialAction\":[{\"@type\":\"SearchAction\",\"target\":{\"@type\":\"EntryPoint\",\"urlTemplate\":\"https:\\\/\\\/tallersautoada.com\\\/?s={search_term_string}\"},\"query-input\":{\"@type\":\"PropertyValueSpecification\",\"valueRequired\":true,\"valueName\":\"search_term_string\"}}],\"inLanguage\":\"es-ES\"},{\"@type\":\"Organization\",\"@id\":\"https:\\\/\\\/tallersautoada.com\\\/#organization\",\"name\":\"Tallers Autoada\",\"url\":\"https:\\\/\\\/tallersautoada.com\\\/\",\"logo\":{\"@type\":\"ImageObject\",\"inLanguage\":\"es-ES\",\"@id\":\"https:\\\/\\\/tallersautoada.com\\\/#\\\/schema\\\/logo\\\/image\\\/\",\"url\":\"https:\\\/\\\/tallersautoada.com\\\/wp-content\\\/uploads\\\/2023\\\/01\\\/tallersautoada-logo.png\",\"contentUrl\":\"https:\\\/\\\/tallersautoada.com\\\/wp-content\\\/uploads\\\/2023\\\/01\\\/tallersautoada-logo.png\",\"width\":1006,\"height\":395,\"caption\":\"Tallers Autoada\"},\"image\":{\"@id\":\"https:\\\/\\\/tallersautoada.com\\\/#\\\/schema\\\/logo\\\/image\\\/\"}}]}<\/script>\n<!-- \/ Yoast SEO plugin. -->","yoast_head_json":{"title":"FIAT PANDA - Tallers Autoada","robots":{"index":"noindex","follow":"follow"},"og_locale":"es_ES","og_type":"article","og_title":"FIAT PANDA - Tallers Autoada","og_description":"FIAT PANDA City Life 2023  Estado: ocasion  Matriculacion:\u00a0 mayo 2023  Color: blanco  Combustible: gasolina- micro hibrido  Transmision: manual Potencia:\u00a0 51kw\/69cv Cilindrada:\u00a0 \u00a0999cc Tarjeta emisiones:\u00a0 ECO(verde\/azul) Kilometros:\u00a0 25.677 Garantia:\u00a0 12 meses garantia PRECIO CONTADO:\u00a0\u00a0 12.750\u20ac PRECIO FINANCIADO:\u00a0 \u00a011.750\u20ac (sujeto a campa\u00f1a de financiacion,consulta condiciones) AUTOADA OCASIO. Venta vehiculos multimarca seminuevos y ocasion.  Gastos gestoria no incluidos en el precio.12 meses garantia contractual.Financiamos el 100% consulta condiciones.Gestion de financiacion.Valoramos y aceptamos su vehiculo actual como entrada.Este anuncio y el precio sera valido salvo error tipografico.Este anuncio no es vinculante se muestra a titulo informativo no contractual.","og_url":"https:\/\/tallersautoada.com\/producte\/fiat-panda\/","og_site_name":"Tallers Autoada","og_image":[{"width":960,"height":720,"url":"https:\/\/tallersautoada.com\/wp-content\/uploads\/2026\/03\/Diapositiva1-10.jpg","type":"image\/jpeg"}],"twitter_card":"summary_large_image","twitter_misc":{"Est. reading time":"2 minutes"},"schema":{"@context":"https:\/\/schema.org","@graph":[{"@type":"WebPage","@id":"https:\/\/tallersautoada.com\/producte\/fiat-panda\/","url":"https:\/\/tallersautoada.com\/producte\/fiat-panda\/","name":"FIAT PANDA - Tallers Autoada","isPartOf":{"@id":"https:\/\/tallersautoada.com\/#website"},"primaryImageOfPage":{"@id":"https:\/\/tallersautoada.com\/producte\/fiat-panda\/#primaryimage"},"image":{"@id":"https:\/\/tallersautoada.com\/producte\/fiat-panda\/#primaryimage"},"thumbnailUrl":"https:\/\/tallersautoada.com\/wp-content\/uploads\/2026\/03\/Diapositiva1-10.jpg","datePublished":"2026-03-12T08:17:09+00:00","breadcrumb":{"@id":"https:\/\/tallersautoada.com\/producte\/fiat-panda\/#breadcrumb"},"inLanguage":"es-ES","potentialAction":[{"@type":"ReadAction","target":["https:\/\/tallersautoada.com\/producte\/fiat-panda\/"]}]},{"@type":"ImageObject","inLanguage":"es-ES","@id":"https:\/\/tallersautoada.com\/producte\/fiat-panda\/#primaryimage","url":"https:\/\/tallersautoada.com\/wp-content\/uploads\/2026\/03\/Diapositiva1-10.jpg","contentUrl":"https:\/\/tallersautoada.com\/wp-content\/uploads\/2026\/03\/Diapositiva1-10.jpg","width":960,"height":720},{"@type":"BreadcrumbList","@id":"https:\/\/tallersautoada.com\/producte\/fiat-panda\/#breadcrumb","itemListElement":[{"@type":"ListItem","position":1,"name":"Inici","item":"https:\/\/tallersautoada.com\/es\/inicio\/"},{"@type":"ListItem","position":2,"name":"Veh\u00edculos en Venta","item":"https:\/\/tallersautoada.com\/es\/vehiculos-en-venta-2\/"},{"@type":"ListItem","position":3,"name":"FIAT PANDA"}]},{"@type":"WebSite","@id":"https:\/\/tallersautoada.com\/#website","url":"https:\/\/tallersautoada.com\/","name":"Tallers Autoada","description":"Taller mec\u00e0nic, electricitat, planxa i pintura i centre de rentat","publisher":{"@id":"https:\/\/tallersautoada.com\/#organization"},"potentialAction":[{"@type":"SearchAction","target":{"@type":"EntryPoint","urlTemplate":"https:\/\/tallersautoada.com\/?s={search_term_string}"},"query-input":{"@type":"PropertyValueSpecification","valueRequired":true,"valueName":"search_term_string"}}],"inLanguage":"es-ES"},{"@type":"Organization","@id":"https:\/\/tallersautoada.com\/#organization","name":"Tallers Autoada","url":"https:\/\/tallersautoada.com\/","logo":{"@type":"ImageObject","inLanguage":"es-ES","@id":"https:\/\/tallersautoada.com\/#\/schema\/logo\/image\/","url":"https:\/\/tallersautoada.com\/wp-content\/uploads\/2023\/01\/tallersautoada-logo.png","contentUrl":"https:\/\/tallersautoada.com\/wp-content\/uploads\/2023\/01\/tallersautoada-logo.png","width":1006,"height":395,"caption":"Tallers Autoada"},"image":{"@id":"https:\/\/tallersautoada.com\/#\/schema\/logo\/image\/"}}]}},"_links":{"self":[{"href":"https:\/\/tallersautoada.com\/es\/wp-json\/wp\/v2\/product\/30412","targetHints":{"allow":["GET"]}}],"collection":[{"href":"https:\/\/tallersautoada.com\/es\/wp-json\/wp\/v2\/product"}],"about":[{"href":"https:\/\/tallersautoada.com\/es\/wp-json\/wp\/v2\/types\/product"}],"version-history":[{"count":3,"href":"https:\/\/tallersautoada.com\/es\/wp-json\/wp\/v2\/product\/30412\/revisions"}],"predecessor-version":[{"id":30473,"href":"https:\/\/tallersautoada.com\/es\/wp-json\/wp\/v2\/product\/30412\/revisions\/30473"}],"wp:featuredmedia":[{"embeddable":true,"href":"https:\/\/tallersautoada.com\/es\/wp-json\/wp\/v2\/media\/30414"}],"wp:attachment":[{"href":"https:\/\/tallersautoada.com\/es\/wp-json\/wp\/v2\/media?parent=30412"}],"wp:term":[{"taxonomy":"product_cat","embeddable":true,"href":"https:\/\/tallersautoada.com\/es\/wp-json\/wp\/v2\/product_cat?post=30412"},{"taxonomy":"product_tag","embeddable":true,"href":"https:\/\/tallersautoada.com\/es\/wp-json\/wp\/v2\/product_tag?post=30412"}],"curies":[{"name":"wp","href":"https:\/\/api.w.org\/{rel}","templated":true}]}}