{"id":9286,"date":"2024-11-27T12:07:57","date_gmt":"2024-11-27T10:07:57","guid":{"rendered":"https:\/\/tallersautoada.com\/?post_type=product&#038;p=9286"},"modified":"2025-12-10T11:53:10","modified_gmt":"2025-12-10T09:53:10","slug":"porsche-taycan","status":"publish","type":"product","link":"https:\/\/tallersautoada.com\/es\/producte\/porsche-taycan\/","title":{"rendered":"PORSCHE TAYCAN"},"content":{"rendered":"<p><span class=\"title\">Equipamiento:<\/span><span class=\"text\">FULL EQUIP<br \/>\nPaquete crono Sport | Retrovisor exterior plegable el\u00e9ctricamente | Asistente a la conducci\u00f3n: Control de cambio de carril | Techo de cristal panor\u00e1mico (techo acristalado) | Faros Matrix LED incl. Porsche Dynamic Light Sistema Plus (PDLS+) | Embellecedores de ventana Negro (brillo intenso) | Lunas detr\u00e1s tintadas (acristalamiento privado) | Parabrisas con banda filtro solar arriba | Sistema de sonido BOSE | Acompa\u00f1ante-display | Inteligente Range Manager | Techo interior Race-Tex | Climatizador autom\u00e1tico 4 zonas | Aire acondicionado\/calefacci\u00f3n: Bomba de calor | Calefacci\u00f3n del asiento delante + detr\u00e1s | adaptativa Asientos deportivos incl. Regulaci\u00f3n del asiento 18 v\u00edas y Paquete de memoria | Disposici\u00f3n de asiento 4 + 1 | Reposacabezas delante y detr\u00e1s con Escudo Porsche | Iluminaci\u00f3n ambiente | Vehicle-Tracking-System Plus (PVTS Plus) | Asistente a la conducci\u00f3n: Asistente de aparcamiento con C\u00e1mara de marcha atr\u00e1s | Sistema frenos: Discos de freno con Cer\u00e1mica recubierto (Porsche Surface Coated Brake, PSCB) | Llantas de aleaci\u00f3n del.\/post.: 9,5&#215;21 \/ 11,5&#215;21 (Dise\u00f1o Mission E Rueda) | Llantas de aleaci\u00f3n (negro intenso metalizado, pintado) | Kit reparaci\u00f3n de neum\u00e1ticos | Direcci\u00f3n asistida Plus (Dependiente de la velocidad) | Porsche Torque Vectoring Plus (PTV Plus) | Bater\u00eda HV 93,4 kWh (Lithium-Ionen) | Cable para la carga con Modelo 2 clavijas (&#8220;Moda&#8221; 3) | Cable para la carga con Enchufe industrial (16 A \/ 230 V) | Cable para la carga Mobile Charger Connect (220V \/ 400 V, &#8220;Moda&#8221; 2) | Lade-Dock (Soporte Sistema de sobrealimentaci\u00f3n) | Dispositivo para carga Cargador on-board (150 kW) | El\u00e9ctrico Compuerta de carga | Motorsound-System (Porsche Electric Sport Sound<\/span><\/p>\n<p><span id=\"vehiculoEquipamiento1\" class=\"collapsible active\">Equipamiento Serie<\/span><\/p>\n<div id=\"divEquipamiento1\" class=\"equipamiento content\">\n<div class=\"equipamiento\">&#8211; Paquete interior: Negro<\/div>\n<div class=\"equipamiento\">&#8211; Sound-Package Plus<\/div>\n<div class=\"equipamiento\">&#8211; Paquete interior extra: Iluminaci\u00f3n interior LED<\/div>\n<div class=\"equipamiento\">&#8211; Carrocer\u00eda: 4 puertas<\/div>\n<div class=\"equipamiento\">&#8211; Cap\u00f3 activo<\/div>\n<div class=\"equipamiento\">&#8211; Sistema protecci\u00f3n-peatones<\/div>\n<div class=\"equipamiento\">&#8211; Pintura universal<\/div>\n<div class=\"equipamiento\">&#8211; Retrovisor exterior regulable el\u00e9ctricamente y calefactable, ambos<\/div>\n<div class=\"equipamiento\">&#8211; Retrovisor exterior Panel inferior negro pintado<\/div>\n<div class=\"equipamiento\">&#8211; Retrovisor exterior esf\u00e9rico, izquierda<\/div>\n<div class=\"equipamiento\">&#8211; Encendido autom\u00e1tico de luces<\/div>\n<div class=\"equipamiento\">&#8211; 3. Luces de freno<\/div>\n<div class=\"equipamiento\">&#8211; Luz de d\u00eda 4-puntos-LED<\/div>\n<div class=\"equipamiento\">&#8211; Limpiaparabrisas con Sensor de lluvia<\/div>\n<div class=\"equipamiento\">&#8211; Cubierta\/revestimiento del umbral<\/div>\n<div class=\"equipamiento\">&#8211; Spoiler trasero con salida adaptable (2 v\u00edas)<\/div>\n<div class=\"equipamiento\">&#8211; Luna trasera calefactable(s)<\/div>\n<div class=\"equipamiento\">&#8211; Conectores multimedia AUX-IN y Conector-USB<\/div>\n<div class=\"equipamiento\">&#8211; Porsche Communications Management (PCM) incl. Online &#8211; M\u00f3dulo de navegaci\u00f3n<\/div>\n<div class=\"equipamiento\">&#8211; Connect (Bluetooth, Apple CarPlay)<\/div>\n<div class=\"equipamiento\">&#8211; Conexi\u00f3n a USB atr\u00e1s (S\u00f3lo con funci\u00f3n de carga inal\u00e1mbrica)<\/div>\n<div class=\"equipamiento\">&#8211; Sistema control presi\u00f3n neum\u00e1ticos<\/div>\n<div class=\"equipamiento\">&#8211; Airbag de rodilla<\/div>\n<div class=\"equipamiento\">&#8211; Control de crucero (Tempomat)<\/div>\n<div class=\"equipamiento\">&#8211; Airbag conductor\/acompa\u00f1ante<\/div>\n<div class=\"equipamiento\">&#8211; Sistema de airbag para la cabeza (airbag-cortina)<\/div>\n<div class=\"equipamiento\">&#8211; Airbag lateral delante<\/div>\n<div class=\"equipamiento\">&#8211; Alfombras<\/div>\n<div class=\"equipamiento\">&#8211; Climatizaci\u00f3n autom\u00e1tica<\/div>\n<div class=\"equipamiento\">&#8211; ? Filtro de aire (Filtro de olores)<\/div>\n<div class=\"equipamiento\">&#8211; Acabado interior: parte en cuero<\/div>\n<div class=\"equipamiento\">&#8211; Cierre centralizado \/ Instalaci\u00f3n de arranque Porsche Entry&amp;drive<\/div>\n<div class=\"equipamiento\">&#8211; Port\u00f3n trasero con autom\u00e1tico sistema de apertura y cierre<\/div>\n<div class=\"equipamiento\">&#8211; Parasoles con Espejo (iluminaci\u00f3n)<\/div>\n<div class=\"equipamiento\">&#8211; Alarma antirrobo con Vigilancia del habit\u00e1culo interior<\/div>\n<div class=\"equipamiento\">&#8211; Inmovilizador<\/div>\n<div class=\"equipamiento\">&#8211; Portavasos<\/div>\n<div class=\"equipamiento\">&#8211; Anclajes Isofix para Asiento para ni\u00f1os en Asiento trasero<\/div>\n<div class=\"equipamiento\">&#8211; Sistema antibloqueo (ABS)<\/div>\n<div class=\"equipamiento\">&#8211; Freno de estacionamiento el\u00e9ctric.<\/div>\n<div class=\"equipamiento\">&#8211; Asistente a la conducci\u00f3n: Freno multicolisi\u00f3n (Multi Collision Brake)<\/div>\n<div class=\"equipamiento\">&#8211; Porsche Active Suspension Management (PASM)<\/div>\n<div class=\"equipamiento\">&#8211; Asistente a la conducci\u00f3n: Asistente de mantenimiento de carril<\/div>\n<div class=\"equipamiento\">&#8211; Neum\u00e1ticos del.\/post. 225\/55 R19 &#8230;Y \/ 275\/45 R19 &#8230;Y<\/div>\n<div class=\"equipamiento\">&#8211; Volante (deportivo\/cuero liso, 3 radios) con Multifunci\u00f3n<\/div>\n<div class=\"equipamiento\">&#8211; Columna de direcci\u00f3n (Volante) regulable<\/div>\n<div class=\"equipamiento\">&#8211; Porsche Traction Management (PTM)<\/div>\n<div class=\"equipamiento\">&#8211; Tipo transmisi\u00f3n: Tracci\u00f3n total<\/div>\n<div class=\"equipamiento\">&#8211; Porsche Stability Management (PSM)<\/div>\n<div class=\"equipamiento\">&#8211; Batalla 2900 mm<\/div>\n<div class=\"equipamiento\">&#8211; Cable para la carga con Enchufe Schuko<\/div>\n<div class=\"equipamiento\">&#8211; Dispositivo para carga Cargador on-board (hasta 11 kW)<\/div>\n<div class=\"equipamiento\">&#8211; Caja de cambios 2\u00b0 marcha para electroauto<\/div>\n<div class=\"equipamiento\">&#8211; Motor el\u00e9ctrico 390 kW (cont. 113 kW<\/div>\n<\/div>\n","protected":false},"excerpt":{"rendered":"<p><strong>PORSCHE TAYCAN &#8211; TURBO 2020<\/strong><\/p>\n<p><strong>Estado:<\/strong> ocasion<\/p>\n<p><strong>Color:<\/strong> gris grafito<\/p>\n<p><strong>Combustible:<\/strong> electrico<\/p>\n<p><strong>Transmision:<\/strong> automatica<\/p>\n<p style=\"text-align: left;\"><strong>Potencia:\u00a0<\/strong> \u00a0390kw\/530cv<\/p>\n<p style=\"text-align: left;\"><strong>Cilindrada:<\/strong>\u00a0 &#8212;&#8212;&#8211;<\/p>\n<p style=\"text-align: left;\"><strong>Tarjeta emisiones:<\/strong> 0 (azul)<\/p>\n<p style=\"text-align: left;\"><strong>Kilometros:<\/strong>\u00a0 24.850<\/p>\n<p style=\"text-align: left;\"><strong>Garantia:<\/strong> 12 meses garantia<\/p>\n<p style=\"text-align: left;\"><strong>PRECIO CONTADO:\u00a0<\/strong>\u00a0 89.540\u20ac<\/p>\n<p style=\"text-align: left;\"><strong>PRECIO FINANCIADO:\u00a0<\/strong> 86.950\u20ac (sujeto a campa\u00f1a de financiacion,consulta condiciones)<\/p>\n<p><strong>AUTOADA OCASIO.<\/strong><br \/>\nVenta vehiculos multimarca seminuevos y ocasion.<\/p>\n<p>Gastos gestoria no incluidos en el precio.12 meses garantia contractual.Financiamos el 100% consulta condiciones.Gestion de financiacion.Valoramos y aceptamos su vehiculo actual como entrada.Este anuncio y el precio sera valido salvo error tipografico.Este anuncio no es vinculante se muestra a titulo informativo no contractual.<\/p>\n<p style=\"text-align: left;\">\n","protected":false},"featured_media":16869,"template":"","meta":{"inline_featured_image":false},"product_cat":[107],"product_tag":[],"class_list":{"0":"post-9286","1":"product","2":"type-product","3":"status-publish","4":"has-post-thumbnail","6":"product_brand-porsche","7":"product_cat-deportivo","9":"first","10":"instock","11":"featured","12":"shipping-taxable","13":"purchasable","14":"product-type-simple"},"yoast_head":"<!-- This site is optimized with the Yoast SEO plugin v27.3 - https:\/\/yoast.com\/product\/yoast-seo-wordpress\/ -->\n<title>PORSCHE TAYCAN - Tallers Autoada<\/title>\n<meta name=\"robots\" content=\"noindex, follow\" \/>\n<meta property=\"og:locale\" content=\"es_ES\" \/>\n<meta property=\"og:type\" content=\"article\" \/>\n<meta property=\"og:title\" content=\"PORSCHE TAYCAN - Tallers Autoada\" \/>\n<meta property=\"og:description\" content=\"PORSCHE TAYCAN - TURBO 2020  Estado: ocasion  Color: gris grafito  Combustible: electrico  Transmision: automatica Potencia:\u00a0 \u00a0390kw\/530cv Cilindrada:\u00a0 -------- Tarjeta emisiones: 0 (azul) Kilometros:\u00a0 24.850 Garantia: 12 meses garantia PRECIO CONTADO:\u00a0\u00a0 89.540\u20ac PRECIO FINANCIADO:\u00a0 86.950\u20ac (sujeto a campa\u00f1a de financiacion,consulta condiciones) AUTOADA OCASIO. Venta vehiculos multimarca seminuevos y ocasion.  Gastos gestoria no incluidos en el precio.12 meses garantia contractual.Financiamos el 100% consulta condiciones.Gestion de financiacion.Valoramos y aceptamos su vehiculo actual como entrada.Este anuncio y el precio sera valido salvo error tipografico.Este anuncio no es vinculante se muestra a titulo informativo no contractual.\" \/>\n<meta property=\"og:url\" content=\"https:\/\/tallersautoada.com\/producte\/porsche-taycan\/\" \/>\n<meta property=\"og:site_name\" content=\"Tallers Autoada\" \/>\n<meta property=\"article:modified_time\" content=\"2025-12-10T09:53:10+00:00\" \/>\n<meta property=\"og:image\" content=\"https:\/\/tallersautoada.com\/wp-content\/uploads\/2024\/11\/Diapositiva15.png\" \/>\n\t<meta property=\"og:image:width\" content=\"960\" \/>\n\t<meta property=\"og:image:height\" content=\"720\" \/>\n\t<meta property=\"og:image:type\" content=\"image\/png\" \/>\n<meta name=\"twitter:card\" content=\"summary_large_image\" \/>\n<meta name=\"twitter:label1\" content=\"Est. reading time\" \/>\n\t<meta name=\"twitter:data1\" content=\"4 minutes\" \/>\n<script type=\"application\/ld+json\" class=\"yoast-schema-graph\">{\"@context\":\"https:\\\/\\\/schema.org\",\"@graph\":[{\"@type\":\"WebPage\",\"@id\":\"https:\\\/\\\/tallersautoada.com\\\/producte\\\/porsche-taycan\\\/\",\"url\":\"https:\\\/\\\/tallersautoada.com\\\/producte\\\/porsche-taycan\\\/\",\"name\":\"PORSCHE TAYCAN - Tallers Autoada\",\"isPartOf\":{\"@id\":\"https:\\\/\\\/tallersautoada.com\\\/#website\"},\"primaryImageOfPage\":{\"@id\":\"https:\\\/\\\/tallersautoada.com\\\/producte\\\/porsche-taycan\\\/#primaryimage\"},\"image\":{\"@id\":\"https:\\\/\\\/tallersautoada.com\\\/producte\\\/porsche-taycan\\\/#primaryimage\"},\"thumbnailUrl\":\"https:\\\/\\\/tallersautoada.com\\\/wp-content\\\/uploads\\\/2024\\\/11\\\/Diapositiva15.png\",\"datePublished\":\"2024-11-27T10:07:57+00:00\",\"dateModified\":\"2025-12-10T09:53:10+00:00\",\"breadcrumb\":{\"@id\":\"https:\\\/\\\/tallersautoada.com\\\/producte\\\/porsche-taycan\\\/#breadcrumb\"},\"inLanguage\":\"es-ES\",\"potentialAction\":[{\"@type\":\"ReadAction\",\"target\":[\"https:\\\/\\\/tallersautoada.com\\\/producte\\\/porsche-taycan\\\/\"]}]},{\"@type\":\"ImageObject\",\"inLanguage\":\"es-ES\",\"@id\":\"https:\\\/\\\/tallersautoada.com\\\/producte\\\/porsche-taycan\\\/#primaryimage\",\"url\":\"https:\\\/\\\/tallersautoada.com\\\/wp-content\\\/uploads\\\/2024\\\/11\\\/Diapositiva15.png\",\"contentUrl\":\"https:\\\/\\\/tallersautoada.com\\\/wp-content\\\/uploads\\\/2024\\\/11\\\/Diapositiva15.png\",\"width\":960,\"height\":720},{\"@type\":\"BreadcrumbList\",\"@id\":\"https:\\\/\\\/tallersautoada.com\\\/producte\\\/porsche-taycan\\\/#breadcrumb\",\"itemListElement\":[{\"@type\":\"ListItem\",\"position\":1,\"name\":\"Inici\",\"item\":\"https:\\\/\\\/tallersautoada.com\\\/es\\\/inicio\\\/\"},{\"@type\":\"ListItem\",\"position\":2,\"name\":\"Veh\u00edculos en Venta\",\"item\":\"https:\\\/\\\/tallersautoada.com\\\/es\\\/vehiculos-en-venta-2\\\/\"},{\"@type\":\"ListItem\",\"position\":3,\"name\":\"PORSCHE TAYCAN\"}]},{\"@type\":\"WebSite\",\"@id\":\"https:\\\/\\\/tallersautoada.com\\\/#website\",\"url\":\"https:\\\/\\\/tallersautoada.com\\\/\",\"name\":\"Tallers Autoada\",\"description\":\"Taller mec\u00e0nic, electricitat, planxa i pintura i centre de rentat\",\"publisher\":{\"@id\":\"https:\\\/\\\/tallersautoada.com\\\/#organization\"},\"potentialAction\":[{\"@type\":\"SearchAction\",\"target\":{\"@type\":\"EntryPoint\",\"urlTemplate\":\"https:\\\/\\\/tallersautoada.com\\\/?s={search_term_string}\"},\"query-input\":{\"@type\":\"PropertyValueSpecification\",\"valueRequired\":true,\"valueName\":\"search_term_string\"}}],\"inLanguage\":\"es-ES\"},{\"@type\":\"Organization\",\"@id\":\"https:\\\/\\\/tallersautoada.com\\\/#organization\",\"name\":\"Tallers Autoada\",\"url\":\"https:\\\/\\\/tallersautoada.com\\\/\",\"logo\":{\"@type\":\"ImageObject\",\"inLanguage\":\"es-ES\",\"@id\":\"https:\\\/\\\/tallersautoada.com\\\/#\\\/schema\\\/logo\\\/image\\\/\",\"url\":\"https:\\\/\\\/tallersautoada.com\\\/wp-content\\\/uploads\\\/2023\\\/01\\\/tallersautoada-logo.png\",\"contentUrl\":\"https:\\\/\\\/tallersautoada.com\\\/wp-content\\\/uploads\\\/2023\\\/01\\\/tallersautoada-logo.png\",\"width\":1006,\"height\":395,\"caption\":\"Tallers Autoada\"},\"image\":{\"@id\":\"https:\\\/\\\/tallersautoada.com\\\/#\\\/schema\\\/logo\\\/image\\\/\"}}]}<\/script>\n<!-- \/ Yoast SEO plugin. -->","yoast_head_json":{"title":"PORSCHE TAYCAN - Tallers Autoada","robots":{"index":"noindex","follow":"follow"},"og_locale":"es_ES","og_type":"article","og_title":"PORSCHE TAYCAN - Tallers Autoada","og_description":"PORSCHE TAYCAN - TURBO 2020  Estado: ocasion  Color: gris grafito  Combustible: electrico  Transmision: automatica Potencia:\u00a0 \u00a0390kw\/530cv Cilindrada:\u00a0 -------- Tarjeta emisiones: 0 (azul) Kilometros:\u00a0 24.850 Garantia: 12 meses garantia PRECIO CONTADO:\u00a0\u00a0 89.540\u20ac PRECIO FINANCIADO:\u00a0 86.950\u20ac (sujeto a campa\u00f1a de financiacion,consulta condiciones) AUTOADA OCASIO. Venta vehiculos multimarca seminuevos y ocasion.  Gastos gestoria no incluidos en el precio.12 meses garantia contractual.Financiamos el 100% consulta condiciones.Gestion de financiacion.Valoramos y aceptamos su vehiculo actual como entrada.Este anuncio y el precio sera valido salvo error tipografico.Este anuncio no es vinculante se muestra a titulo informativo no contractual.","og_url":"https:\/\/tallersautoada.com\/producte\/porsche-taycan\/","og_site_name":"Tallers Autoada","article_modified_time":"2025-12-10T09:53:10+00:00","og_image":[{"width":960,"height":720,"url":"https:\/\/tallersautoada.com\/wp-content\/uploads\/2024\/11\/Diapositiva15.png","type":"image\/png"}],"twitter_card":"summary_large_image","twitter_misc":{"Est. reading time":"4 minutes"},"schema":{"@context":"https:\/\/schema.org","@graph":[{"@type":"WebPage","@id":"https:\/\/tallersautoada.com\/producte\/porsche-taycan\/","url":"https:\/\/tallersautoada.com\/producte\/porsche-taycan\/","name":"PORSCHE TAYCAN - Tallers Autoada","isPartOf":{"@id":"https:\/\/tallersautoada.com\/#website"},"primaryImageOfPage":{"@id":"https:\/\/tallersautoada.com\/producte\/porsche-taycan\/#primaryimage"},"image":{"@id":"https:\/\/tallersautoada.com\/producte\/porsche-taycan\/#primaryimage"},"thumbnailUrl":"https:\/\/tallersautoada.com\/wp-content\/uploads\/2024\/11\/Diapositiva15.png","datePublished":"2024-11-27T10:07:57+00:00","dateModified":"2025-12-10T09:53:10+00:00","breadcrumb":{"@id":"https:\/\/tallersautoada.com\/producte\/porsche-taycan\/#breadcrumb"},"inLanguage":"es-ES","potentialAction":[{"@type":"ReadAction","target":["https:\/\/tallersautoada.com\/producte\/porsche-taycan\/"]}]},{"@type":"ImageObject","inLanguage":"es-ES","@id":"https:\/\/tallersautoada.com\/producte\/porsche-taycan\/#primaryimage","url":"https:\/\/tallersautoada.com\/wp-content\/uploads\/2024\/11\/Diapositiva15.png","contentUrl":"https:\/\/tallersautoada.com\/wp-content\/uploads\/2024\/11\/Diapositiva15.png","width":960,"height":720},{"@type":"BreadcrumbList","@id":"https:\/\/tallersautoada.com\/producte\/porsche-taycan\/#breadcrumb","itemListElement":[{"@type":"ListItem","position":1,"name":"Inici","item":"https:\/\/tallersautoada.com\/es\/inicio\/"},{"@type":"ListItem","position":2,"name":"Veh\u00edculos en Venta","item":"https:\/\/tallersautoada.com\/es\/vehiculos-en-venta-2\/"},{"@type":"ListItem","position":3,"name":"PORSCHE TAYCAN"}]},{"@type":"WebSite","@id":"https:\/\/tallersautoada.com\/#website","url":"https:\/\/tallersautoada.com\/","name":"Tallers Autoada","description":"Taller mec\u00e0nic, electricitat, planxa i pintura i centre de rentat","publisher":{"@id":"https:\/\/tallersautoada.com\/#organization"},"potentialAction":[{"@type":"SearchAction","target":{"@type":"EntryPoint","urlTemplate":"https:\/\/tallersautoada.com\/?s={search_term_string}"},"query-input":{"@type":"PropertyValueSpecification","valueRequired":true,"valueName":"search_term_string"}}],"inLanguage":"es-ES"},{"@type":"Organization","@id":"https:\/\/tallersautoada.com\/#organization","name":"Tallers Autoada","url":"https:\/\/tallersautoada.com\/","logo":{"@type":"ImageObject","inLanguage":"es-ES","@id":"https:\/\/tallersautoada.com\/#\/schema\/logo\/image\/","url":"https:\/\/tallersautoada.com\/wp-content\/uploads\/2023\/01\/tallersautoada-logo.png","contentUrl":"https:\/\/tallersautoada.com\/wp-content\/uploads\/2023\/01\/tallersautoada-logo.png","width":1006,"height":395,"caption":"Tallers Autoada"},"image":{"@id":"https:\/\/tallersautoada.com\/#\/schema\/logo\/image\/"}}]}},"_links":{"self":[{"href":"https:\/\/tallersautoada.com\/es\/wp-json\/wp\/v2\/product\/9286","targetHints":{"allow":["GET"]}}],"collection":[{"href":"https:\/\/tallersautoada.com\/es\/wp-json\/wp\/v2\/product"}],"about":[{"href":"https:\/\/tallersautoada.com\/es\/wp-json\/wp\/v2\/types\/product"}],"version-history":[{"count":8,"href":"https:\/\/tallersautoada.com\/es\/wp-json\/wp\/v2\/product\/9286\/revisions"}],"predecessor-version":[{"id":27489,"href":"https:\/\/tallersautoada.com\/es\/wp-json\/wp\/v2\/product\/9286\/revisions\/27489"}],"wp:featuredmedia":[{"embeddable":true,"href":"https:\/\/tallersautoada.com\/es\/wp-json\/wp\/v2\/media\/16869"}],"wp:attachment":[{"href":"https:\/\/tallersautoada.com\/es\/wp-json\/wp\/v2\/media?parent=9286"}],"wp:term":[{"taxonomy":"product_cat","embeddable":true,"href":"https:\/\/tallersautoada.com\/es\/wp-json\/wp\/v2\/product_cat?post=9286"},{"taxonomy":"product_tag","embeddable":true,"href":"https:\/\/tallersautoada.com\/es\/wp-json\/wp\/v2\/product_tag?post=9286"}],"curies":[{"name":"wp","href":"https:\/\/api.w.org\/{rel}","templated":true}]}}